{"id":60315,"date":"2016-06-07T10:04:17","date_gmt":"2016-06-07T08:04:17","guid":{"rendered":"http:\/\/my.sportler.com\/it\/?page_id=60315"},"modified":"2018-05-08T09:50:00","modified_gmt":"2018-05-08T07:50:00","slug":"the-north-face-mountain-festival","status":"publish","type":"page","link":"https:\/\/my.sportler.com\/it\/the-north-face-mountain-festival\/","title":{"rendered":"The North Face Mountain Festival"},"content":{"rendered":"<p><div class=\"fusion-fullwidth fullwidth-box fusion-builder-row-1 faded-background fusion-parallax-none nonhundred-percent-fullwidth non-hundred-percent-height-scrolling fusion-equal-height-columns\" style=\"background-position: center top;background-repeat: no-repeat;padding-top:80px;padding-right:0px;padding-bottom:60px;padding-left:0px;margin-bottom: 0px;margin-top: 0px;border-width: 0px 0px 0px 0px;border-color:#eae9e9;border-style:solid;-webkit-background-size:cover;-moz-background-size:cover;-o-background-size:cover;background-size:cover;\" ><div class=\"fullwidth-faded\" style=\"background-color:#f7f8fa;background-image: url(http:\/\/my.sportler.com\/wp-content\/uploads\/2017\/05\/TNF-Moutain-Festival-1024x328.jpg);background-position:center top;background-repeat:no-repeat;-webkit-background-size:cover;-moz-background-size:cover;-o-background-size:cover;background-size:cover;\" ><\/div><div class=\"fusion-builder-row fusion-row\"><div class=\"fusion-layout-column fusion_builder_column fusion-builder-column-0 fusion_builder_column_1_1 1_1 fusion-one-full fusion-column-first fusion-column-last fusion-column-no-min-height\" style=\"margin-top:0px;margin-bottom:0px;\"><div class=\"fusion-column-wrapper fusion-flex-column-wrapper-legacy\" style=\"background-position:left top;background-repeat:no-repeat;-webkit-background-size:cover;-moz-background-size:cover;-o-background-size:cover;background-size:cover;padding: 0px 0px 0px 0px;\"><div class=\"fusion-text fusion-text-1\"><h2 style=\"text-align: center;\"><span style=\"color: #000000;\">CANDIDATI E PARTECIPA AL<\/span><br \/>\n<span style=\"color: #000000;\"> THE NORTH FACE<sup>\u00ae<\/sup><\/span><\/h2>\n<\/div><div class=\"fusion-text fusion-text-2\"><p style=\"text-align: center;\"><span style=\"font-size: 65px; font-weight: bold; color: #000000;\">MOUNTAIN FESTIVAL<\/span><\/p>\n<\/div><div class=\"fusion-text fusion-text-3\"><h2 style=\"text-align: center;\"><span style=\"color: #000000;\">AI PIEDI DEL MONTE EIGER<\/span><\/h2>\n<\/div><div class=\"fusion-text fusion-text-4\"><p style=\"text-align: center;\"><span style=\"font-size: 30px; font-weight: bold; color: #000000;\">15-17 SETTEMBRE 2017<\/span><\/p>\n<\/div><div class=\"fusion-clearfix\"><\/div><\/div><\/div><\/div><\/div><div class=\"fusion-fullwidth fullwidth-box fusion-builder-row-2 nonhundred-percent-fullwidth non-hundred-percent-height-scrolling\" style=\"background-color: no;background-position: left top;background-repeat: no-repeat;padding-top:30px;padding-right:0px;padding-bottom:0px;padding-left:0px;margin-bottom: 0px;margin-top: 0px;border-width: 0px 0px 0px 0px;border-color:#eae9e9;border-style:solid;\" ><div class=\"fusion-builder-row fusion-row\"><div class=\"fusion-layout-column fusion_builder_column fusion-builder-column-1 fusion_builder_column_1_1 1_1 fusion-one-full fusion-column-first fusion-column-last\" style=\"margin-top:0px;margin-bottom:20px;\"><div class=\"fusion-column-wrapper fusion-flex-column-wrapper-legacy\" style=\"background-position:left top;background-repeat:no-repeat;-webkit-background-size:cover;-moz-background-size:cover;-o-background-size:cover;background-size:cover;border:1px solid #e7ebee;padding: 40px;\"><div class=\"fusion-text fusion-text-5\"><h2 style=\"text-align: center;\">Chi avr\u00e0 vinto?<\/h2>\n<\/div><div class=\"fusion-sep-clear\"><\/div><div class=\"fusion-separator\" style=\"margin-left: auto;margin-right: auto;margin-top:5px;margin-bottom:40px;width:100%;max-width:20%;\"><div class=\"fusion-separator-border sep-single sep-solid\" style=\"border-color:#d6d6d6;border-top-width:1px;\"><\/div><\/div><div class=\"fusion-sep-clear\"><\/div><div class=\"fusion-text fusion-text-6\"><p style=\"text-align: center;\">Per i clienti pi\u00f9 fedeli, SPORTLER metter\u00e0 in palio 2 partecipazioni per 2 persone a quest\u2019evento all\u2019insegna dell\u2019avventura che si terr\u00e0 nelle Alpi Svizzere dal 15 al 17 settembre 2017. Sar\u00e0 un fine settimana ricco di attivit\u00e0, disponibili tutte in diversi livelli di abilit\u00e0 e guidate dagli Atleti di The North Face\u00ae. Ai due candidati che con le loro motivazioni riusciranno a convincere la giuria interna di SPORTLER, verranno assegnati due posti ciascuno per quest\u2019unica possibilit\u00e0 di un fine settimana organizzato da The North Face\u00ae.<\/p>\n<\/div><div class=\"fusion-sep-clear\"><\/div><div class=\"fusion-separator\" style=\"margin-left: auto;margin-right: auto;margin-top:20px;margin-bottom:0px;width:100%;max-width:20%;\"><\/div><div class=\"fusion-sep-clear\"><\/div><div class=\"fusion-aligncenter\"><style type=\"text\/css\">.fusion-button.button-1 {border-radius:0px;}<\/style><a class=\"fusion-button button-flat fusion-button-default-size button-default button-1 fusion-button-default-span fusion-button-default-type\" target=\"_self\" href=\"http:\/\/my.sportler.com\/it\/pagina-discrizione-the-north-face-mountain-festival\/\"><span class=\"fusion-button-text\">ECCO I VINCITORI<\/span><\/a><\/div><div class=\"fusion-clearfix\"><\/div><\/div><\/div><\/div><\/div><div class=\"fusion-fullwidth fullwidth-box fusion-builder-row-3 nonhundred-percent-fullwidth non-hundred-percent-height-scrolling fusion-equal-height-columns\" style=\"background-color: rgba(255,255,255,0);background-position: left top;background-repeat: no-repeat;padding-top:10px;padding-right:0px;padding-bottom:0px;padding-left:0px;margin-bottom: 0px;margin-top: 0px;border-width: 0px 0px 0px 0px;border-color:#eae9e9;border-style:solid;\" ><div class=\"fusion-builder-row fusion-row\"><div class=\"fusion-layout-column fusion_builder_column fusion-builder-column-2 fusion_builder_column_1_1 1_1 fusion-one-full fusion-column-first fusion-column-last fusion-column-no-min-height\" style=\"margin-top:0px;margin-bottom:0px;\"><div class=\"fusion-column-wrapper fusion-flex-column-wrapper-legacy\" style=\"background-position:left top;background-repeat:no-repeat;-webkit-background-size:cover;-moz-background-size:cover;-o-background-size:cover;background-size:cover;padding: 0px 0px 0px 0px;\"><div class=\"fusion-text fusion-text-7\"><h1 style=\"text-align: center;\">UN FESTIVAL PER GLI AMANTI DELL&#8217;AVVENTURA<\/h1>\n<\/div><div class=\"fusion-sep-clear\"><\/div><div class=\"fusion-separator\" style=\"margin-left: auto;margin-right: auto;margin-top:5px;margin-bottom:40px;width:100%;max-width:20%;\"><div class=\"fusion-separator-border sep-single sep-solid\" style=\"border-color:#d6d6d6;border-top-width:1px;\"><\/div><\/div><div class=\"fusion-sep-clear\"><\/div><div class=\"fusion-clearfix\"><\/div><\/div><\/div><div class=\"fusion-layout-column fusion_builder_column fusion-builder-column-3 fusion_builder_column_1_2 1_2 fusion-one-half fusion-column-first\" style=\"margin-top:0px;margin-bottom:20px;\"><div class=\"fusion-column-wrapper fusion-flex-column-wrapper-legacy\" style=\"background-position:left top;background-repeat:no-repeat;-webkit-background-size:cover;-moz-background-size:cover;-o-background-size:cover;background-size:cover;background-color:#f7f8fa;border:0px solid #e7ebee;padding: 30px;\"><div class=\"fusion-text fusion-text-8\"><h3 style=\"text-align: left;\">Scopri il festival di montagna che regala\u00a0emozioni uniche<\/h3>\n<\/div><div class=\"fusion-text fusion-text-9\"><p style=\"text-align: left;\">Lasciati alle spalle la quotidianit\u00e0 e addentrati nelle meraviglie della natura coi tuoi compagni esploratori per un fine settimana all&#8217;insegna dell&#8217;avventura.\u00a0Arrampica, fai escursioni e corri lungo percorsi alpini mozzafiato imparando tante cose nuove, dalla preparazione dell&#8217;attrezzatura a quella di un pasto nel bel mezzo di un paesaggio incontaminato. Il tutto mentre ti godi un ritrovato senso di appartenenza alla natura.<\/p>\n<\/div><div class=\"fusion-clearfix\"><\/div><\/div><\/div><div class=\"fusion-layout-column fusion_builder_column fusion-builder-column-4 fusion_builder_column_1_2 1_2 fusion-one-half fusion-column-last\" style=\"margin-top:0px;margin-bottom:20px;\" id=\"nobottom\"><div class=\"fusion-column-wrapper fusion-flex-column-wrapper-legacy\" style=\"background-image: url(&#039;http:\/\/my.sportler.com\/wp-content\/uploads\/2016\/06\/Avventura.jpg&#039;);background-position:left top;background-repeat:no-repeat;-webkit-background-size:cover;-moz-background-size:cover;-o-background-size:cover;background-size:cover;padding: 0px 0px 0px 0px;\" data-bg-url=\"http:\/\/my.sportler.com\/wp-content\/uploads\/2016\/06\/Avventura.jpg\"><div class=\"fusion-clearfix\"><\/div><\/div><\/div><div class=\"fusion-layout-column fusion_builder_column fusion-builder-column-5 fusion_builder_column_1_2 1_2 fusion-one-half fusion-column-first\" style=\"margin-top:0px;margin-bottom:20px;\" id=\"nobottom\"><div class=\"fusion-column-wrapper fusion-flex-column-wrapper-legacy\" style=\"background-image: url(&#039;http:\/\/my.sportler.com\/wp-content\/uploads\/2016\/06\/avv2.jpg&#039;);background-position:left top;background-repeat:no-repeat;-webkit-background-size:cover;-moz-background-size:cover;-o-background-size:cover;background-size:cover;padding: 0px 0px 0px 0px;\" data-bg-url=\"http:\/\/my.sportler.com\/wp-content\/uploads\/2016\/06\/avv2.jpg\"><div class=\"fusion-clearfix\"><\/div><\/div><\/div><div class=\"fusion-layout-column fusion_builder_column fusion-builder-column-6 fusion_builder_column_1_2 1_2 fusion-one-half fusion-column-last\" style=\"margin-top:0px;margin-bottom:20px;\"><div class=\"fusion-column-wrapper fusion-flex-column-wrapper-legacy\" style=\"background-position:left top;background-repeat:no-repeat;-webkit-background-size:cover;-moz-background-size:cover;-o-background-size:cover;background-size:cover;background-color:#f7f8fa;border:0px solid #e7ebee;padding: 30px;\"><div class=\"fusion-text fusion-text-10\"><h3>UN FINE SETTIMANA ALL&#8217;INSEGNA DELL&#8217;AVVENTURA<\/h3>\n<\/div><div class=\"fusion-text fusion-text-11\"><p>Sar\u00e0 un fine settimana ricco di attivit\u00e0, disponibili tutte in diversi livelli di abilit\u00e0 e guidate dagli atleti di The North Face\u00ae.<\/p>\n<p><strong>Attivit\u00e0 principali<\/strong>:<br \/>\nescursionismo, arrampicata, trail running, storie di esplorazione, musica dal vivo, seminari, film<br \/>\n<strong>Attivit\u00e0 extra<\/strong>:<br \/>\nalpinismo, rafting, bungee jumping, canyoning, parapendio<\/p>\n<\/div><div class=\"fusion-clearfix\"><\/div><\/div><\/div><div class=\"fusion-layout-column fusion_builder_column fusion-builder-column-7 fusion_builder_column_1_2 1_2 fusion-one-half fusion-column-first\" style=\"margin-top:0px;margin-bottom:20px;\"><div class=\"fusion-column-wrapper fusion-flex-column-wrapper-legacy\" style=\"background-position:left top;background-repeat:no-repeat;-webkit-background-size:cover;-moz-background-size:cover;-o-background-size:cover;background-size:cover;background-color:#f7f8fa;border:0px solid #e7ebee;padding: 30px;\"><div class=\"fusion-text fusion-text-12\"><h3>SERVIZI INCLUSI<\/h3>\n<\/div><div class=\"fusion-text fusion-text-13\"><ul class=\"fusion-checklist fusion-checklist-1\" style=\"font-size:13px;line-height:22.1px;\">\n<li class=\"fusion-li-item\"><span style=\"height:22.1px;width:22.1px;margin-right:9.1px;\" class=\"icon-wrapper circle-no\"><i class=\"fusion-li-icon fa fa-angle-right\" style=\"color:#18b1e7;\" aria-hidden=\"true\"><\/i><\/span><div class=\"fusion-li-item-content\" style=\"margin-left:31.2px;\">Tutti i pasti (colazione, pranzo e cena) da venerd\u00ec a domenica<\/div><\/li>\n<li class=\"fusion-li-item\"><span style=\"height:22.1px;width:22.1px;margin-right:9.1px;\" class=\"icon-wrapper circle-no\"><i class=\"fusion-li-icon fa fa-angle-right\" style=\"color:#18b1e7;\" aria-hidden=\"true\"><\/i><\/span><div class=\"fusion-li-item-content\" style=\"margin-left:31.2px;\">Attivit\u00e0 principali, seminari e dibattiti al campo base<\/div><\/li>\n<li class=\"fusion-li-item\"><span style=\"height:22.1px;width:22.1px;margin-right:9.1px;\" class=\"icon-wrapper circle-no\"><i class=\"fusion-li-icon fa fa-angle-right\" style=\"color:#18b1e7;\" aria-hidden=\"true\"><\/i><\/span><div class=\"fusion-li-item-content\" style=\"margin-left:31.2px;\">Intrattenimento serale, tra cui musica dal vivo e film<\/div><\/li>\n<li class=\"fusion-li-item\"><span style=\"height:22.1px;width:22.1px;margin-right:9.1px;\" class=\"icon-wrapper circle-no\"><i class=\"fusion-li-icon fa fa-angle-right\" style=\"color:#18b1e7;\" aria-hidden=\"true\"><\/i><\/span><div class=\"fusion-li-item-content\" style=\"margin-left:31.2px;\">Campeggio, inclusi tutti i servizi in loco. Ricordati di portare una tenda.<\/div><\/li>\n<\/ul>\n<p>Le attivit\u00e0 extra non sono incluse nel prezzo del biglietto e prevedono un costo aggiuntivo, pagabile al momento della registrazione.<\/p>\n<\/div><div class=\"fusion-clearfix\"><\/div><\/div><\/div><div class=\"fusion-layout-column fusion_builder_column fusion-builder-column-8 fusion_builder_column_1_2 1_2 fusion-one-half fusion-column-last\" style=\"margin-top:0px;margin-bottom:20px;\"><div class=\"fusion-column-wrapper fusion-flex-column-wrapper-legacy\" style=\"background-image: url(&#039;http:\/\/my.sportler.com\/wp-content\/uploads\/2016\/06\/avv3.jpg&#039;);background-position:left top;background-repeat:no-repeat;-webkit-background-size:cover;-moz-background-size:cover;-o-background-size:cover;background-size:cover;background-color:#f7f8fa;border:0px solid #e7ebee;padding: 30px;\" data-bg-url=\"http:\/\/my.sportler.com\/wp-content\/uploads\/2016\/06\/avv3.jpg\"><div class=\"fusion-clearfix\"><\/div><\/div><\/div><\/div><\/div><div class=\"fusion-fullwidth fullwidth-box fusion-builder-row-4 nonhundred-percent-fullwidth non-hundred-percent-height-scrolling fusion-equal-height-columns\" style=\"background-color: rgba(255,255,255,0);background-position: left top;background-repeat: no-repeat;padding-top:40px;padding-right:0px;padding-bottom:60px;padding-left:0px;margin-bottom: 0px;margin-top: 0px;border-width: 0px 0px 0px 0px;border-color:#eae9e9;border-style:solid;\" ><div class=\"fusion-builder-row fusion-row\"><div class=\"fusion-layout-column fusion_builder_column fusion-builder-column-9 fusion_builder_column_1_1 1_1 fusion-one-full fusion-column-first fusion-column-last fusion-column-no-min-height\" style=\"margin-top:0px;margin-bottom:0px;\"><div class=\"fusion-column-wrapper fusion-flex-column-wrapper-legacy\" style=\"background-position:left top;background-repeat:no-repeat;-webkit-background-size:cover;-moz-background-size:cover;-o-background-size:cover;background-size:cover;padding: 0px 0px 0px 0px;\"><div class=\"fusion-text fusion-text-14\"><h1 style=\"text-align: center;\">IL NOSTRO PARTNER<\/h1>\n<\/div><div class=\"fusion-sep-clear\"><\/div><div class=\"fusion-separator\" style=\"margin-left: auto;margin-right: auto;margin-top:5px;margin-bottom:40px;width:100%;max-width:20%;\"><div class=\"fusion-separator-border sep-single sep-solid\" style=\"border-color:#d6d6d6;border-top-width:1px;\"><\/div><\/div><div class=\"fusion-sep-clear\"><\/div><div class=\"fusion-clearfix\"><\/div><\/div><\/div><div class=\"fusion-layout-column fusion_builder_column fusion-builder-column-10 fusion_builder_column_1_1 1_1 fusion-one-full fusion-column-first fusion-column-last fusion-column-no-min-height\" style=\"margin-top:0px;margin-bottom:0px;\"><div class=\"fusion-column-wrapper fusion-flex-column-wrapper-legacy\" style=\"background-position:left top;background-repeat:no-repeat;-webkit-background-size:cover;-moz-background-size:cover;-o-background-size:cover;background-size:cover;padding: 0px 0px 0px 0px;\"><div class=\"fusion-image-carousel fusion-image-carousel-auto lightbox-enabled\"><div class=\"fusion-carousel\" data-autoplay=\"no\" data-columns=\"3\" data-itemmargin=\"13\" data-itemwidth=\"180\" data-touchscroll=\"no\" data-imagesize=\"auto\"><div class=\"fusion-carousel-positioner\"><ul class=\"fusion-carousel-holder\"><li class=\"fusion-carousel-item\"><div class=\"fusion-carousel-item-wrapper\"><div class=\"fusion-image-wrapper hover-type-none\"><a data-rel=\"iLightbox[image_carousel_1]\" target=\"_blank\" rel=\"noopener noreferrer\"><img decoding=\"async\" src=\"\" alt=\"\"\/><\/a><\/div><\/div><\/li><li class=\"fusion-carousel-item\"><div class=\"fusion-carousel-item-wrapper\"><div class=\"fusion-image-wrapper hover-type-none\"><a data-rel=\"iLightbox[image_carousel_1]\" href=\"http:\/\/www.sportler.com\/it\/lp\/the-north-face?campaign=cont\/mysportler\/mountain-festival\/it\" target=\"_blank\" rel=\"noopener noreferrer\"><img decoding=\"async\" src=\"http:\/\/my.sportler.com\/wp-content\/uploads\/2016\/02\/thenorthface-sw.png\" alt=\"The North Face\"\/><\/a><\/div><\/div><\/li><li class=\"fusion-carousel-item\"><div class=\"fusion-carousel-item-wrapper\"><div class=\"fusion-image-wrapper hover-type-none\"><a data-rel=\"iLightbox[image_carousel_1]\" target=\"_self\"><img decoding=\"async\" src=\"\" alt=\"\"\/><\/a><\/div><\/div><\/li><\/ul><div class=\"fusion-carousel-nav\"><span class=\"fusion-nav-prev\"><\/span><span class=\"fusion-nav-next\"><\/span><\/div><\/div><\/div><\/div><div class=\"fusion-clearfix\"><\/div><\/div><\/div><\/div><\/div><\/p>\n","protected":false},"excerpt":{"rendered":"","protected":false},"author":22,"featured_media":0,"parent":0,"menu_order":0,"comment_status":"closed","ping_status":"closed","template":"100-width.php","meta":{"footnotes":""},"class_list":["post-60315","page","type-page","status-publish","hentry"],"jetpack_sharing_enabled":true,"_links":{"self":[{"href":"https:\/\/my.sportler.com\/it\/wp-json\/wp\/v2\/pages\/60315","targetHints":{"allow":["GET"]}}],"collection":[{"href":"https:\/\/my.sportler.com\/it\/wp-json\/wp\/v2\/pages"}],"about":[{"href":"https:\/\/my.sportler.com\/it\/wp-json\/wp\/v2\/types\/page"}],"author":[{"embeddable":true,"href":"https:\/\/my.sportler.com\/it\/wp-json\/wp\/v2\/users\/22"}],"replies":[{"embeddable":true,"href":"https:\/\/my.sportler.com\/it\/wp-json\/wp\/v2\/comments?post=60315"}],"version-history":[{"count":33,"href":"https:\/\/my.sportler.com\/it\/wp-json\/wp\/v2\/pages\/60315\/revisions"}],"predecessor-version":[{"id":86375,"href":"https:\/\/my.sportler.com\/it\/wp-json\/wp\/v2\/pages\/60315\/revisions\/86375"}],"wp:attachment":[{"href":"https:\/\/my.sportler.com\/it\/wp-json\/wp\/v2\/media?parent=60315"}],"curies":[{"name":"wp","href":"https:\/\/api.w.org\/{rel}","templated":true}]}}